{"id":5832,"date":"2023-08-22T15:43:54","date_gmt":"2023-08-22T12:43:54","guid":{"rendered":"https:\/\/bilisimvadisi.com.tr\/en\/?post_type=tribe_events&#038;p=5832"},"modified":"2023-08-22T15:43:54","modified_gmt":"2023-08-22T12:43:54","slug":"teknofest-izmir-2023","status":"publish","type":"tribe_events","link":"https:\/\/bilisimvadisi.com.tr\/en\/event\/teknofest-izmir-2023\/","title":{"rendered":"Teknofest \u0130zmir 2023"},"content":{"rendered":"<div class=\"fusion-fullwidth fullwidth-box fusion-builder-row-1 fusion-flex-container has-pattern-background has-mask-background nonhundred-percent-fullwidth non-hundred-percent-height-scrolling\" style=\"--awb-border-radius-top-left:0px;--awb-border-radius-top-right:0px;--awb-border-radius-bottom-right:0px;--awb-border-radius-bottom-left:0px;--awb-background-color:rgba(255,255,255,0);--awb-flex-wrap:wrap;\" ><div class=\"fusion-builder-row fusion-row fusion-flex-align-items-flex-start fusion-flex-content-wrap\" style=\"max-width:1320.8px;margin-left: calc(-4% \/ 2 );margin-right: calc(-4% \/ 2 );\"><div class=\"fusion-layout-column fusion_builder_column fusion-builder-column-0 fusion_builder_column_1_1 1_1 fusion-flex-column\" style=\"--awb-bg-size:cover;--awb-width-large:100%;--awb-margin-top-large:25px;--awb-spacing-right-large:1.92%;--awb-margin-bottom-large:25px;--awb-spacing-left-large:1.92%;--awb-width-medium:100%;--awb-order-medium:0;--awb-spacing-right-medium:1.92%;--awb-spacing-left-medium:1.92%;--awb-width-small:100%;--awb-order-small:0;--awb-spacing-right-small:1.92%;--awb-spacing-left-small:1.92%;\"><div class=\"fusion-column-wrapper fusion-column-has-shadow fusion-flex-justify-content-flex-start fusion-content-layout-column\"><div class=\"fusion-text fusion-text-1\"><p><strong>Teknofest \u0130zmir 2023 Countdown Begins!<\/strong><\/p>\n<p>For a T\u00fcrkiye that looks to the future with hope with the vision of the National Technology Initiative in the 100th Anniversary of our Republic, we continue our preparations for the festivals that we will hold with the motto #SenGelecekDiye. Technology enthusiasts are counting down the days for Teknofest 2023 in Izmir, T\u00fcrkiye&#8217;s 3rd largest city.<\/p>\n<\/div><\/div><\/div><\/div><\/div>\n","protected":false},"excerpt":{"rendered":"","protected":false},"author":1,"featured_media":5826,"template":"","meta":{"_tribe_events_status":"","_tribe_events_status_reason":"","footnotes":""},"tags":[146],"tribe_events_cat":[145],"class_list":["post-5832","tribe_events","type-tribe_events","status-publish","has-post-thumbnail","hentry","tag-uk-midlands-future-mobility-trade-mission-turkiye-2023","tribe_events_cat-event","cat_event"],"yoast_head":"<!-- This site is optimized with the Yoast SEO plugin v27.5 - https:\/\/yoast.com\/product\/yoast-seo-wordpress\/ -->\n<title>Teknofest \u0130zmir 2023 - Bili\u015fim Vadisi<\/title>\n<meta name=\"description\" content=\"For a T\u00fcrkiye that looks to the future with hope with the vision of the National Technology Initiative in the 100th Anniversary of our...\" \/>\n<meta name=\"robots\" content=\"index, follow, max-snippet:-1, max-image-preview:large, max-video-preview:-1\" \/>\n<link rel=\"canonical\" href=\"https:\/\/bilisimvadisi.com.tr\/en\/event\/teknofest-izmir-2023\/\" \/>\n<meta property=\"og:locale\" content=\"en_US\" \/>\n<meta property=\"og:type\" content=\"article\" \/>\n<meta property=\"og:title\" content=\"Teknofest \u0130zmir 2023 - Bili\u015fim Vadisi\" \/>\n<meta property=\"og:description\" content=\"For a T\u00fcrkiye that looks to the future with hope with the vision of the National Technology Initiative in the 100th Anniversary of our...\" \/>\n<meta property=\"og:url\" content=\"https:\/\/bilisimvadisi.com.tr\/en\/event\/teknofest-izmir-2023\/\" \/>\n<meta property=\"og:site_name\" content=\"Bili\u015fim Vadisi\" \/>\n<meta property=\"og:image\" content=\"https:\/\/bilisimvadisi.com.tr\/en\/wp-content\/uploads\/2023\/08\/Teknofest_2023_Ankara_Izmir.webp\" \/>\n\t<meta property=\"og:image:width\" content=\"1920\" \/>\n\t<meta property=\"og:image:height\" content=\"1080\" \/>\n\t<meta property=\"og:image:type\" content=\"image\/webp\" \/>\n<meta name=\"twitter:card\" content=\"summary_large_image\" \/>\n<meta name=\"twitter:site\" content=\"@Bilisimvadisitr\" \/>\n<meta name=\"twitter:label1\" content=\"Est. reading time\" \/>\n\t<meta name=\"twitter:data1\" content=\"1 minute\" \/>\n<script type=\"application\/ld+json\" class=\"yoast-schema-graph\">{\"@context\":\"https:\\\/\\\/schema.org\",\"@graph\":[{\"@type\":\"WebPage\",\"@id\":\"https:\\\/\\\/bilisimvadisi.com.tr\\\/en\\\/event\\\/teknofest-izmir-2023\\\/\",\"url\":\"https:\\\/\\\/bilisimvadisi.com.tr\\\/en\\\/event\\\/teknofest-izmir-2023\\\/\",\"name\":\"Teknofest \u0130zmir 2023 - Bili\u015fim Vadisi\",\"isPartOf\":{\"@id\":\"https:\\\/\\\/bilisimvadisi.com.tr\\\/en\\\/#website\"},\"primaryImageOfPage\":{\"@id\":\"https:\\\/\\\/bilisimvadisi.com.tr\\\/en\\\/event\\\/teknofest-izmir-2023\\\/#primaryimage\"},\"image\":{\"@id\":\"https:\\\/\\\/bilisimvadisi.com.tr\\\/en\\\/event\\\/teknofest-izmir-2023\\\/#primaryimage\"},\"thumbnailUrl\":\"https:\\\/\\\/bilisimvadisi.com.tr\\\/en\\\/wp-content\\\/uploads\\\/2023\\\/08\\\/Teknofest_2023_Ankara_Izmir.webp\",\"datePublished\":\"2023-08-22T12:43:54+00:00\",\"description\":\"For a T\u00fcrkiye that looks to the future with hope with the vision of the National Technology Initiative in the 100th Anniversary of our...\",\"breadcrumb\":{\"@id\":\"https:\\\/\\\/bilisimvadisi.com.tr\\\/en\\\/event\\\/teknofest-izmir-2023\\\/#breadcrumb\"},\"inLanguage\":\"en-US\",\"potentialAction\":[{\"@type\":\"ReadAction\",\"target\":[\"https:\\\/\\\/bilisimvadisi.com.tr\\\/en\\\/event\\\/teknofest-izmir-2023\\\/\"]}]},{\"@type\":\"ImageObject\",\"inLanguage\":\"en-US\",\"@id\":\"https:\\\/\\\/bilisimvadisi.com.tr\\\/en\\\/event\\\/teknofest-izmir-2023\\\/#primaryimage\",\"url\":\"https:\\\/\\\/bilisimvadisi.com.tr\\\/en\\\/wp-content\\\/uploads\\\/2023\\\/08\\\/Teknofest_2023_Ankara_Izmir.webp\",\"contentUrl\":\"https:\\\/\\\/bilisimvadisi.com.tr\\\/en\\\/wp-content\\\/uploads\\\/2023\\\/08\\\/Teknofest_2023_Ankara_Izmir.webp\",\"width\":1920,\"height\":1080},{\"@type\":\"BreadcrumbList\",\"@id\":\"https:\\\/\\\/bilisimvadisi.com.tr\\\/en\\\/event\\\/teknofest-izmir-2023\\\/#breadcrumb\",\"itemListElement\":[{\"@type\":\"ListItem\",\"position\":1,\"name\":\"Anasayfa\",\"item\":\"https:\\\/\\\/bilisimvadisi.com.tr\\\/en\\\/\"},{\"@type\":\"ListItem\",\"position\":2,\"name\":\"Events\",\"item\":\"https:\\\/\\\/bilisimvadisi.com.tr\\\/en\\\/etkinlikler\\\/\"},{\"@type\":\"ListItem\",\"position\":3,\"name\":\"Teknofest \u0130zmir 2023\"}]},{\"@type\":\"WebSite\",\"@id\":\"https:\\\/\\\/bilisimvadisi.com.tr\\\/en\\\/#website\",\"url\":\"https:\\\/\\\/bilisimvadisi.com.tr\\\/en\\\/\",\"name\":\"Bili\u015fim Vadisi\",\"description\":\"Technology Development Zone\",\"publisher\":{\"@id\":\"https:\\\/\\\/bilisimvadisi.com.tr\\\/en\\\/#organization\"},\"potentialAction\":[{\"@type\":\"SearchAction\",\"target\":{\"@type\":\"EntryPoint\",\"urlTemplate\":\"https:\\\/\\\/bilisimvadisi.com.tr\\\/en\\\/?s={search_term_string}\"},\"query-input\":{\"@type\":\"PropertyValueSpecification\",\"valueRequired\":true,\"valueName\":\"search_term_string\"}}],\"inLanguage\":\"en-US\"},{\"@type\":\"Organization\",\"@id\":\"https:\\\/\\\/bilisimvadisi.com.tr\\\/en\\\/#organization\",\"name\":\"Bili\u015fim Vadisi\",\"url\":\"https:\\\/\\\/bilisimvadisi.com.tr\\\/en\\\/\",\"logo\":{\"@type\":\"ImageObject\",\"inLanguage\":\"en-US\",\"@id\":\"https:\\\/\\\/bilisimvadisi.com.tr\\\/en\\\/#\\\/schema\\\/logo\\\/image\\\/\",\"url\":\"https:\\\/\\\/bilisimvadisi.com.tr\\\/en\\\/wp-content\\\/uploads\\\/2022\\\/05\\\/BV_Logo_WS.png\",\"contentUrl\":\"https:\\\/\\\/bilisimvadisi.com.tr\\\/en\\\/wp-content\\\/uploads\\\/2022\\\/05\\\/BV_Logo_WS.png\",\"width\":1000,\"height\":250,\"caption\":\"Bili\u015fim Vadisi\"},\"image\":{\"@id\":\"https:\\\/\\\/bilisimvadisi.com.tr\\\/en\\\/#\\\/schema\\\/logo\\\/image\\\/\"},\"sameAs\":[\"https:\\\/\\\/x.com\\\/Bilisimvadisitr\",\"https:\\\/\\\/www.linkedin.com\\\/company\\\/bilisimvadisitr\\\/\",\"https:\\\/\\\/www.instagram.com\\\/bilisimvadisitr\\\/\",\"https:\\\/\\\/www.youtube.com\\\/channel\\\/UCsgrQQz_g-Xbx3z-XqWLcsA\"]}]}<\/script>\n<!-- \/ Yoast SEO plugin. -->","yoast_head_json":{"title":"Teknofest \u0130zmir 2023 - Bili\u015fim Vadisi","description":"For a T\u00fcrkiye that looks to the future with hope with the vision of the National Technology Initiative in the 100th Anniversary of our...","robots":{"index":"index","follow":"follow","max-snippet":"max-snippet:-1","max-image-preview":"max-image-preview:large","max-video-preview":"max-video-preview:-1"},"canonical":"https:\/\/bilisimvadisi.com.tr\/en\/event\/teknofest-izmir-2023\/","og_locale":"en_US","og_type":"article","og_title":"Teknofest \u0130zmir 2023 - Bili\u015fim Vadisi","og_description":"For a T\u00fcrkiye that looks to the future with hope with the vision of the National Technology Initiative in the 100th Anniversary of our...","og_url":"https:\/\/bilisimvadisi.com.tr\/en\/event\/teknofest-izmir-2023\/","og_site_name":"Bili\u015fim Vadisi","og_image":[{"width":1920,"height":1080,"url":"https:\/\/bilisimvadisi.com.tr\/en\/wp-content\/uploads\/2023\/08\/Teknofest_2023_Ankara_Izmir.webp","type":"image\/webp"}],"twitter_card":"summary_large_image","twitter_site":"@Bilisimvadisitr","twitter_misc":{"Est. reading time":"1 minute"},"schema":{"@context":"https:\/\/schema.org","@graph":[{"@type":"WebPage","@id":"https:\/\/bilisimvadisi.com.tr\/en\/event\/teknofest-izmir-2023\/","url":"https:\/\/bilisimvadisi.com.tr\/en\/event\/teknofest-izmir-2023\/","name":"Teknofest \u0130zmir 2023 - Bili\u015fim Vadisi","isPartOf":{"@id":"https:\/\/bilisimvadisi.com.tr\/en\/#website"},"primaryImageOfPage":{"@id":"https:\/\/bilisimvadisi.com.tr\/en\/event\/teknofest-izmir-2023\/#primaryimage"},"image":{"@id":"https:\/\/bilisimvadisi.com.tr\/en\/event\/teknofest-izmir-2023\/#primaryimage"},"thumbnailUrl":"https:\/\/bilisimvadisi.com.tr\/en\/wp-content\/uploads\/2023\/08\/Teknofest_2023_Ankara_Izmir.webp","datePublished":"2023-08-22T12:43:54+00:00","description":"For a T\u00fcrkiye that looks to the future with hope with the vision of the National Technology Initiative in the 100th Anniversary of our...","breadcrumb":{"@id":"https:\/\/bilisimvadisi.com.tr\/en\/event\/teknofest-izmir-2023\/#breadcrumb"},"inLanguage":"en-US","potentialAction":[{"@type":"ReadAction","target":["https:\/\/bilisimvadisi.com.tr\/en\/event\/teknofest-izmir-2023\/"]}]},{"@type":"ImageObject","inLanguage":"en-US","@id":"https:\/\/bilisimvadisi.com.tr\/en\/event\/teknofest-izmir-2023\/#primaryimage","url":"https:\/\/bilisimvadisi.com.tr\/en\/wp-content\/uploads\/2023\/08\/Teknofest_2023_Ankara_Izmir.webp","contentUrl":"https:\/\/bilisimvadisi.com.tr\/en\/wp-content\/uploads\/2023\/08\/Teknofest_2023_Ankara_Izmir.webp","width":1920,"height":1080},{"@type":"BreadcrumbList","@id":"https:\/\/bilisimvadisi.com.tr\/en\/event\/teknofest-izmir-2023\/#breadcrumb","itemListElement":[{"@type":"ListItem","position":1,"name":"Anasayfa","item":"https:\/\/bilisimvadisi.com.tr\/en\/"},{"@type":"ListItem","position":2,"name":"Events","item":"https:\/\/bilisimvadisi.com.tr\/en\/etkinlikler\/"},{"@type":"ListItem","position":3,"name":"Teknofest \u0130zmir 2023"}]},{"@type":"WebSite","@id":"https:\/\/bilisimvadisi.com.tr\/en\/#website","url":"https:\/\/bilisimvadisi.com.tr\/en\/","name":"Bili\u015fim Vadisi","description":"Technology Development Zone","publisher":{"@id":"https:\/\/bilisimvadisi.com.tr\/en\/#organization"},"potentialAction":[{"@type":"SearchAction","target":{"@type":"EntryPoint","urlTemplate":"https:\/\/bilisimvadisi.com.tr\/en\/?s={search_term_string}"},"query-input":{"@type":"PropertyValueSpecification","valueRequired":true,"valueName":"search_term_string"}}],"inLanguage":"en-US"},{"@type":"Organization","@id":"https:\/\/bilisimvadisi.com.tr\/en\/#organization","name":"Bili\u015fim Vadisi","url":"https:\/\/bilisimvadisi.com.tr\/en\/","logo":{"@type":"ImageObject","inLanguage":"en-US","@id":"https:\/\/bilisimvadisi.com.tr\/en\/#\/schema\/logo\/image\/","url":"https:\/\/bilisimvadisi.com.tr\/en\/wp-content\/uploads\/2022\/05\/BV_Logo_WS.png","contentUrl":"https:\/\/bilisimvadisi.com.tr\/en\/wp-content\/uploads\/2022\/05\/BV_Logo_WS.png","width":1000,"height":250,"caption":"Bili\u015fim Vadisi"},"image":{"@id":"https:\/\/bilisimvadisi.com.tr\/en\/#\/schema\/logo\/image\/"},"sameAs":["https:\/\/x.com\/Bilisimvadisitr","https:\/\/www.linkedin.com\/company\/bilisimvadisitr\/","https:\/\/www.instagram.com\/bilisimvadisitr\/","https:\/\/www.youtube.com\/channel\/UCsgrQQz_g-Xbx3z-XqWLcsA"]}]}},"_links":{"self":[{"href":"https:\/\/bilisimvadisi.com.tr\/en\/wp-json\/wp\/v2\/tribe_events\/5832","targetHints":{"allow":["GET"]}}],"collection":[{"href":"https:\/\/bilisimvadisi.com.tr\/en\/wp-json\/wp\/v2\/tribe_events"}],"about":[{"href":"https:\/\/bilisimvadisi.com.tr\/en\/wp-json\/wp\/v2\/types\/tribe_events"}],"author":[{"embeddable":true,"href":"https:\/\/bilisimvadisi.com.tr\/en\/wp-json\/wp\/v2\/users\/1"}],"version-history":[{"count":1,"href":"https:\/\/bilisimvadisi.com.tr\/en\/wp-json\/wp\/v2\/tribe_events\/5832\/revisions"}],"predecessor-version":[{"id":5833,"href":"https:\/\/bilisimvadisi.com.tr\/en\/wp-json\/wp\/v2\/tribe_events\/5832\/revisions\/5833"}],"wp:featuredmedia":[{"embeddable":true,"href":"https:\/\/bilisimvadisi.com.tr\/en\/wp-json\/wp\/v2\/media\/5826"}],"wp:attachment":[{"href":"https:\/\/bilisimvadisi.com.tr\/en\/wp-json\/wp\/v2\/media?parent=5832"}],"wp:term":[{"taxonomy":"post_tag","embeddable":true,"href":"https:\/\/bilisimvadisi.com.tr\/en\/wp-json\/wp\/v2\/tags?post=5832"},{"taxonomy":"tribe_events_cat","embeddable":true,"href":"https:\/\/bilisimvadisi.com.tr\/en\/wp-json\/wp\/v2\/tribe_events_cat?post=5832"}],"curies":[{"name":"wp","href":"https:\/\/api.w.org\/{rel}","templated":true}]}}